{"id":13828,"date":"2026-09-03T13:41:07","date_gmt":"2026-09-03T20:41:07","guid":{"rendered":"https:\/\/foromdc.org\/?post_type=inclusion_social&#038;p=13828"},"modified":"2026-09-03T13:46:22","modified_gmt":"2026-09-03T20:46:22","slug":"ante-crisis-mas-prolongadas-como-hacer-mas-efectiva-la-ayuda-humanitaria","status":"publish","type":"inclusion_social","link":"https:\/\/foromdc.org\/en\/inclusion_social\/ante-crisis-mas-prolongadas-como-hacer-mas-efectiva-la-ayuda-humanitaria\/","title":{"rendered":"Ante crisis m\u00e1s prolongadas, \u00bfc\u00f3mo hacer m\u00e1s efectiva la ayuda humanitaria?"},"content":{"rendered":"<div data-elementor-type=\"wp-post\" data-elementor-id=\"13828\" class=\"elementor elementor-13828\" data-elementor-post-type=\"inclusion_social\">\n\t\t\t\t\t\t<section class=\"elementor-section elementor-top-section elementor-element elementor-element-f0f6614 elementor-section-boxed elementor-section-height-default elementor-section-height-default\" data-id=\"f0f6614\" data-element_type=\"section\" data-e-type=\"section\" data-settings=\"{&quot;jet_parallax_layout_list&quot;:[]}\">\n\t\t\t\t\t\t<div class=\"elementor-container elementor-column-gap-default\">\n\t\t\t\t\t<div class=\"elementor-column elementor-col-100 elementor-top-column elementor-element elementor-element-c513cef\" data-id=\"c513cef\" data-element_type=\"column\" data-e-type=\"column\">\n\t\t\t<div class=\"elementor-widget-wrap elementor-element-populated\">\n\t\t\t\t\t\t<div class=\"elementor-element elementor-element-f0038c8 elementor-widget elementor-widget-text-editor\" data-id=\"f0038c8\" data-element_type=\"widget\" data-e-type=\"widget\" data-widget_type=\"text-editor.default\">\n\t\t\t\t<div class=\"elementor-widget-container\">\n\t\t\t\t\t\t\t\t\t<p>Los conflictos duran m\u00e1s, los impactos clim\u00e1ticos se intensifican y las necesidades humanitarias aumentan. Frente a este escenario, atender \u00fanicamente las consecuencias inmediatas de una emergencia resulta insuficiente.<\/p><p>En 2025, el llamado global de la <strong>Oficina de las Naciones Unidas para la Coordinaci\u00f3n de Asuntos Humanitarios<\/strong> busc\u00f3 reunir 47 mil millones de d\u00f3lares para brindar asistencia vital en 32 pa\u00edses y nueve regiones receptoras de refugiados. Solo se obtuvieron 12 mil millones de d\u00f3lares, el nivel de financiamiento m\u00e1s bajo de la \u00faltima d\u00e9cada.<\/p><p>Al mismo tiempo, 239 millones de personas viven en contextos de crisis que requieren una respuesta urgente.<\/p><p>Ante la creciente brecha entre necesidades y recursos, el <strong>World Economic Forum<\/strong> plantea avanzar hacia un <strong>\u201creinicio humanitario\u201d<\/strong>: una manera de responder a las emergencias con mayor enfoque, eficiencia y capacidad para sentar, desde el primer d\u00eda, las bases de la recuperaci\u00f3n de largo plazo.<\/p><p>Estas son cinco acciones para avanzar en esa direcci\u00f3n.<\/p><p><strong>Priorizar la recuperaci\u00f3n desde las primeras etapas<\/strong><\/p><p>La recuperaci\u00f3n no tiene que esperar a que termine una emergencia. Restaurar servicios esenciales, medios de vida y sistemas locales mientras contin\u00faa la asistencia permite a las comunidades comenzar antes su reconstrucci\u00f3n.<\/p><p>At <strong>Gaza<\/strong>, por ejemplo, programas de empleo de emergencia vinculados con servicios de salud, educaci\u00f3n, producci\u00f3n de alimentos y trabajos comunitarios han generado m\u00e1s de 15 mil oportunidades temporales de trabajo. A ello se suman labores para retirar escombros, reabrir v\u00edas de acceso y preparar terrenos para infraestructura y vivienda.<\/p><p>La l\u00f3gica es atender las necesidades inmediatas sin perder de vista las condiciones que permitir\u00e1n a las comunidades recuperarse.<\/p><p><strong>Planificar la transici\u00f3n desde el inicio<\/strong><\/p><p>La ayuda externa es indispensable durante una emergencia, pero mantenerla indefinidamente no es sostenible. Por ello, una transici\u00f3n humanitaria requiere que gobiernos, instituciones y comunidades locales asuman progresivamente mayores responsabilidades.<\/p><p><strong>Irak<\/strong> ofrece una referencia. Ante el retorno de 4.9 millones de personas desplazadas, los esfuerzos de estabilizaci\u00f3n fortalecieron capacidades locales para gestionar servicios e infraestructura, mientras distintos programas comunitarios apoyaron la reintegraci\u00f3n y la cohesi\u00f3n social.<\/p><p>Planificar esta transici\u00f3n desde el comienzo ayuda a evitar que los avances se pierdan cuando disminuye el apoyo internacional.<\/p><p><strong>Invertir para reducir necesidades futuras<\/strong><\/p><p>El \u00e9xito de la acci\u00f3n humanitaria no solo puede medirse por la atenci\u00f3n brindada durante una emergencia. Tambi\u00e9n importa la capacidad de las comunidades para depender cada vez menos de apoyos externos.<\/p><p>Una investigaci\u00f3n citada por el Foro Econ\u00f3mico Mundial estima que cada d\u00f3lar invertido en prevenci\u00f3n podr\u00eda evitar entre 26 y 103 d\u00f3lares en posibles costos asociados a conflictos.<\/p><p>Invertir en medios de vida resilientes, instituciones capaces de responder y servicios esenciales m\u00e1s resistentes puede disminuir los impactos de futuras crisis. Reducir la necesidad de ayuda no significa reducir el compromiso humanitario, sino fortalecer capacidades para enfrentar nuevos riesgos.<\/p><p><strong>Fortalecer el liderazgo local<\/strong><\/p><p>Las soluciones tienen mayores posibilidades de mantenerse cuando las instituciones y las comunidades participan en las decisiones sobre su propio territorio.<\/p><p>At <strong>Ukraine<\/strong>, comunidades afectadas por el conflicto trabajan en la recuperaci\u00f3n de espacios de administraci\u00f3n local que funcionan como centros de servicios y coordinaci\u00f3n comunitaria. Estos espacios permiten organizar servicios sociales, identificar prioridades y atender necesidades junto con habitantes y organizaciones civiles.<\/p><p>Reconstruir capacidades institucionales es, en este sentido, tan importante como recuperar infraestructura f\u00edsica.<\/p><p><strong>Incorporar al sector privado<\/strong><\/p><p>Empresas, inversionistas y negocios locales tambi\u00e9n pueden desempe\u00f1ar un papel relevante en la recuperaci\u00f3n. Su participaci\u00f3n contribuye a restablecer mercados, generar empleo y reactivar la actividad econ\u00f3mica.<\/p><p>Un ejemplo es una alianza creada por el <strong>Programa de las Naciones Unidas para el Desarrollo<\/strong>, <strong>DHL Group<\/strong> y <strong>Airports Council International<\/strong> para fortalecer la capacidad de los aeropuertos ante situaciones de crisis. La iniciativa ha llegado a m\u00e1s de 60 aeropuertos de 28 pa\u00edses, donde especialistas capacitan a autoridades aeroportuarias y responsables de atenci\u00f3n de desastres para responder al incremento repentino de ayuda, suministros y personal de emergencia.<\/p><p>Ante recursos humanitarios cada vez m\u00e1s presionados, la colaboraci\u00f3n entre gobiernos, comunidades, organismos internacionales y sector privado adquiere mayor relevancia.<\/p>\t\t\t\t\t\t\t\t<\/div>\n\t\t\t\t<\/div>\n\t\t\t\t\t<\/div>\n\t\t<\/div>\n\t\t\t\t\t<\/div>\n\t\t<\/section>\n\t\t\t\t<section class=\"elementor-section elementor-top-section elementor-element elementor-element-d783ce8 elementor-section-boxed elementor-section-height-default elementor-section-height-default\" data-id=\"d783ce8\" data-element_type=\"section\" data-e-type=\"section\" data-settings=\"{&quot;jet_parallax_layout_list&quot;:[]}\">\n\t\t\t\t\t\t<div class=\"elementor-container elementor-column-gap-default\">\n\t\t\t\t\t<div class=\"elementor-column elementor-col-100 elementor-top-column elementor-element elementor-element-3f4e235\" data-id=\"3f4e235\" data-element_type=\"column\" data-e-type=\"column\">\n\t\t\t<div class=\"elementor-widget-wrap elementor-element-populated\">\n\t\t\t\t\t\t<div class=\"elementor-element elementor-element-cb7f96b elementor-widget elementor-widget-text-editor\" data-id=\"cb7f96b\" data-element_type=\"widget\" data-e-type=\"widget\" data-widget_type=\"text-editor.default\">\n\t\t\t\t<div class=\"elementor-widget-container\">\n\t\t\t\t\t\t\t\t\t<h3><strong>De atender la emergencia a construir resiliencia<\/strong><\/h3>\t\t\t\t\t\t\t\t<\/div>\n\t\t\t\t<\/div>\n\t\t\t\t\t<\/div>\n\t\t<\/div>\n\t\t\t\t\t<\/div>\n\t\t<\/section>\n\t\t\t\t<section class=\"elementor-section elementor-top-section elementor-element elementor-element-f199a81 elementor-section-boxed elementor-section-height-default elementor-section-height-default\" data-id=\"f199a81\" data-element_type=\"section\" data-e-type=\"section\" data-settings=\"{&quot;jet_parallax_layout_list&quot;:[]}\">\n\t\t\t\t\t\t<div class=\"elementor-container elementor-column-gap-default\">\n\t\t\t\t\t<div class=\"elementor-column elementor-col-100 elementor-top-column elementor-element elementor-element-99daa52\" data-id=\"99daa52\" data-element_type=\"column\" data-e-type=\"column\">\n\t\t\t<div class=\"elementor-widget-wrap elementor-element-populated\">\n\t\t\t\t\t\t<div class=\"elementor-element elementor-element-994cbab elementor-widget elementor-widget-text-editor\" data-id=\"994cbab\" data-element_type=\"widget\" data-e-type=\"widget\" data-widget_type=\"text-editor.default\">\n\t\t\t\t<div class=\"elementor-widget-container\">\n\t\t\t\t\t\t\t\t\t<p>El desaf\u00edo no es menor. Las crisis son cada vez m\u00e1s prolongadas y recurrentes, mientras los recursos disponibles no crecen al mismo ritmo que las necesidades.<\/p><p>El planteamiento del Foro Econ\u00f3mico Mundial apunta a cambiar la manera de responder: actuar desde la emergencia, pero pensando desde el inicio en la recuperaci\u00f3n.<\/p><p>M\u00e1s que sustituir la <strong>ayuda humanitaria<\/strong>, se trata de aprovecharla para fortalecer capacidades locales, recuperar servicios y medios de vida, reducir riesgos futuros y generar condiciones para que las comunidades puedan avanzar hacia una recuperaci\u00f3n sostenible.<\/p><p>Source: <a href=\"https:\/\/www.weforum.org\/stories\/global-cooperation\/humanitarian-reset-help-people-crisis\/\">World Economic Forum<\/a><\/p>\t\t\t\t\t\t\t\t<\/div>\n\t\t\t\t<\/div>\n\t\t\t\t\t<\/div>\n\t\t<\/div>\n\t\t\t\t\t<\/div>\n\t\t<\/section>\n\t\t\t\t<\/div>","protected":false},"excerpt":{"rendered":"<p>Con 239 millones de personas que requieren atenci\u00f3n urgente y recursos internacionales cada vez m\u00e1s limitados, el Foro Econ\u00f3mico Mundial plantea cinco acciones para que la respuesta a las emergencias contribuya tambi\u00e9n a la recuperaci\u00f3n y resiliencia de las comunidades<\/p>","protected":false},"featured_media":13829,"template":"","categories":[41,15],"tags":[847,325,200],"class_list":["post-13828","inclusion_social","type-inclusion_social","status-publish","has-post-thumbnail","hentry","category-carrusel","category-portada","tag-ayuda-humanitaria","tag-foro-economico-mundial","tag-onu"],"acf":[],"yoast_head":"<!-- This site is optimized with the Yoast SEO plugin v28.4 - https:\/\/yoast.com\/product\/yoast-seo-wordpress\/ -->\n<title>Ante crisis m\u00e1s prolongadas, \u00bfc\u00f3mo hacer m\u00e1s efectiva la ayuda humanitaria? - Foro Mar de Cort\u00e9s<\/title>\n<meta name=\"description\" content=\"Con 239 millones de personas que requieren atenci\u00f3n urgente y recursos internacionales cada vez m\u00e1s limitados, el Foro Econ\u00f3mico Mundial plantea cinco acciones para que la respuesta a las emergencias contribuya tambi\u00e9n a la recuperaci\u00f3n y resiliencia de las comunidades\" \/>\n<meta name=\"robots\" content=\"index, follow, max-snippet:-1, max-image-preview:large, max-video-preview:-1\" \/>\n<link rel=\"canonical\" href=\"https:\/\/foromdc.org\/en\/inclusion_social\/ante-crisis-mas-prolongadas-como-hacer-mas-efectiva-la-ayuda-humanitaria\/\" \/>\n<meta property=\"og:locale\" content=\"en_US\" \/>\n<meta property=\"og:type\" content=\"article\" \/>\n<meta property=\"og:title\" content=\"Ante crisis m\u00e1s prolongadas, \u00bfc\u00f3mo hacer m\u00e1s efectiva la ayuda humanitaria? - Foro Mar de Cort\u00e9s\" \/>\n<meta property=\"og:description\" content=\"Con 239 millones de personas que requieren atenci\u00f3n urgente y recursos internacionales cada vez m\u00e1s limitados, el Foro Econ\u00f3mico Mundial plantea cinco acciones para que la respuesta a las emergencias contribuya tambi\u00e9n a la recuperaci\u00f3n y resiliencia de las comunidades\" \/>\n<meta property=\"og:url\" content=\"https:\/\/foromdc.org\/en\/inclusion_social\/ante-crisis-mas-prolongadas-como-hacer-mas-efectiva-la-ayuda-humanitaria\/\" \/>\n<meta property=\"og:site_name\" content=\"Foro Mar de Cort\u00e9s\" \/>\n<meta property=\"article:publisher\" content=\"https:\/\/www.facebook.com\/Foro-Mar-de-Corts-102782702603939\" \/>\n<meta property=\"article:modified_time\" content=\"2026-09-03T20:46:22+00:00\" \/>\n<meta property=\"og:image\" content=\"https:\/\/foromdc.org\/wp-content\/uploads\/2026\/09\/Ayuda-humanitaria.jpg\" \/>\n\t<meta property=\"og:image:width\" content=\"1200\" \/>\n\t<meta property=\"og:image:height\" content=\"672\" \/>\n\t<meta property=\"og:image:type\" content=\"image\/jpeg\" \/>\n<meta name=\"twitter:card\" content=\"summary_large_image\" \/>\n<meta name=\"twitter:label1\" content=\"Est. reading time\" \/>\n\t<meta name=\"twitter:data1\" content=\"4 minutes\" \/>\n<script type=\"application\/ld+json\" class=\"yoast-schema-graph\">{\"@context\":\"https:\\\/\\\/schema.org\",\"@graph\":[{\"@type\":\"WebPage\",\"@id\":\"https:\\\/\\\/foromdc.org\\\/inclusion_social\\\/ante-crisis-mas-prolongadas-como-hacer-mas-efectiva-la-ayuda-humanitaria\\\/\",\"url\":\"https:\\\/\\\/foromdc.org\\\/inclusion_social\\\/ante-crisis-mas-prolongadas-como-hacer-mas-efectiva-la-ayuda-humanitaria\\\/\",\"name\":\"Ante crisis m\u00e1s prolongadas, \u00bfc\u00f3mo hacer m\u00e1s efectiva la ayuda humanitaria? - Foro Mar de Cort\u00e9s\",\"isPartOf\":{\"@id\":\"https:\\\/\\\/foromdc.org\\\/#website\"},\"primaryImageOfPage\":{\"@id\":\"https:\\\/\\\/foromdc.org\\\/inclusion_social\\\/ante-crisis-mas-prolongadas-como-hacer-mas-efectiva-la-ayuda-humanitaria\\\/#primaryimage\"},\"image\":{\"@id\":\"https:\\\/\\\/foromdc.org\\\/inclusion_social\\\/ante-crisis-mas-prolongadas-como-hacer-mas-efectiva-la-ayuda-humanitaria\\\/#primaryimage\"},\"thumbnailUrl\":\"https:\\\/\\\/foromdc.org\\\/wp-content\\\/uploads\\\/2026\\\/09\\\/Ayuda-humanitaria.jpg\",\"datePublished\":\"2026-09-03T20:41:07+00:00\",\"dateModified\":\"2026-09-03T20:46:22+00:00\",\"description\":\"Con 239 millones de personas que requieren atenci\u00f3n urgente y recursos internacionales cada vez m\u00e1s limitados, el Foro Econ\u00f3mico Mundial plantea cinco acciones para que la respuesta a las emergencias contribuya tambi\u00e9n a la recuperaci\u00f3n y resiliencia de las comunidades\",\"breadcrumb\":{\"@id\":\"https:\\\/\\\/foromdc.org\\\/inclusion_social\\\/ante-crisis-mas-prolongadas-como-hacer-mas-efectiva-la-ayuda-humanitaria\\\/#breadcrumb\"},\"inLanguage\":\"en-US\",\"potentialAction\":[{\"@type\":\"ReadAction\",\"target\":[\"https:\\\/\\\/foromdc.org\\\/inclusion_social\\\/ante-crisis-mas-prolongadas-como-hacer-mas-efectiva-la-ayuda-humanitaria\\\/\"]}]},{\"@type\":\"ImageObject\",\"inLanguage\":\"en-US\",\"@id\":\"https:\\\/\\\/foromdc.org\\\/inclusion_social\\\/ante-crisis-mas-prolongadas-como-hacer-mas-efectiva-la-ayuda-humanitaria\\\/#primaryimage\",\"url\":\"https:\\\/\\\/foromdc.org\\\/wp-content\\\/uploads\\\/2026\\\/09\\\/Ayuda-humanitaria.jpg\",\"contentUrl\":\"https:\\\/\\\/foromdc.org\\\/wp-content\\\/uploads\\\/2026\\\/09\\\/Ayuda-humanitaria.jpg\",\"width\":1200,\"height\":672,\"caption\":\"Ante crisis m\u00e1s prolongadas, \u00bfc\u00f3mo hacer m\u00e1s efectiva la ayuda humanitaria?\"},{\"@type\":\"BreadcrumbList\",\"@id\":\"https:\\\/\\\/foromdc.org\\\/inclusion_social\\\/ante-crisis-mas-prolongadas-como-hacer-mas-efectiva-la-ayuda-humanitaria\\\/#breadcrumb\",\"itemListElement\":[{\"@type\":\"ListItem\",\"position\":1,\"name\":\"Home\",\"item\":\"https:\\\/\\\/foromdc.org\\\/\"},{\"@type\":\"ListItem\",\"position\":2,\"name\":\"Inclusi\u00f3n Social\",\"item\":\"https:\\\/\\\/foromdc.org\\\/inclusion_social\\\/\"},{\"@type\":\"ListItem\",\"position\":3,\"name\":\"Ante crisis m\u00e1s prolongadas, \u00bfc\u00f3mo hacer m\u00e1s efectiva la ayuda humanitaria?\"}]},{\"@type\":\"WebSite\",\"@id\":\"https:\\\/\\\/foromdc.org\\\/#website\",\"url\":\"https:\\\/\\\/foromdc.org\\\/\",\"name\":\"Foro Mar de Cort\u00e9s\",\"description\":\"\",\"publisher\":{\"@id\":\"https:\\\/\\\/foromdc.org\\\/#organization\"},\"potentialAction\":[{\"@type\":\"SearchAction\",\"target\":{\"@type\":\"EntryPoint\",\"urlTemplate\":\"https:\\\/\\\/foromdc.org\\\/?s={search_term_string}\"},\"query-input\":{\"@type\":\"PropertyValueSpecification\",\"valueRequired\":true,\"valueName\":\"search_term_string\"}}],\"inLanguage\":\"en-US\"},{\"@type\":\"Organization\",\"@id\":\"https:\\\/\\\/foromdc.org\\\/#organization\",\"name\":\"Foro Mar de Cort\u00e9s\",\"url\":\"https:\\\/\\\/foromdc.org\\\/\",\"logo\":{\"@type\":\"ImageObject\",\"inLanguage\":\"en-US\",\"@id\":\"https:\\\/\\\/foromdc.org\\\/#\\\/schema\\\/logo\\\/image\\\/\",\"url\":\"https:\\\/\\\/foromdc.org\\\/wp-content\\\/uploads\\\/2021\\\/06\\\/cropped-Logo.png\",\"contentUrl\":\"https:\\\/\\\/foromdc.org\\\/wp-content\\\/uploads\\\/2021\\\/06\\\/cropped-Logo.png\",\"width\":386,\"height\":72,\"caption\":\"Foro Mar de Cort\u00e9s\"},\"image\":{\"@id\":\"https:\\\/\\\/foromdc.org\\\/#\\\/schema\\\/logo\\\/image\\\/\"},\"sameAs\":[\"https:\\\/\\\/www.facebook.com\\\/Foro-Mar-de-Corts-102782702603939\"]}]}<\/script>\n<!-- \/ Yoast SEO plugin. -->","yoast_head_json":{"title":"Ante crisis m\u00e1s prolongadas, \u00bfc\u00f3mo hacer m\u00e1s efectiva la ayuda humanitaria? - Foro Mar de Cort\u00e9s","description":"Con 239 millones de personas que requieren atenci\u00f3n urgente y recursos internacionales cada vez m\u00e1s limitados, el Foro Econ\u00f3mico Mundial plantea cinco acciones para que la respuesta a las emergencias contribuya tambi\u00e9n a la recuperaci\u00f3n y resiliencia de las comunidades","robots":{"index":"index","follow":"follow","max-snippet":"max-snippet:-1","max-image-preview":"max-image-preview:large","max-video-preview":"max-video-preview:-1"},"canonical":"https:\/\/foromdc.org\/en\/inclusion_social\/ante-crisis-mas-prolongadas-como-hacer-mas-efectiva-la-ayuda-humanitaria\/","og_locale":"en_US","og_type":"article","og_title":"Ante crisis m\u00e1s prolongadas, \u00bfc\u00f3mo hacer m\u00e1s efectiva la ayuda humanitaria? - Foro Mar de Cort\u00e9s","og_description":"Con 239 millones de personas que requieren atenci\u00f3n urgente y recursos internacionales cada vez m\u00e1s limitados, el Foro Econ\u00f3mico Mundial plantea cinco acciones para que la respuesta a las emergencias contribuya tambi\u00e9n a la recuperaci\u00f3n y resiliencia de las comunidades","og_url":"https:\/\/foromdc.org\/en\/inclusion_social\/ante-crisis-mas-prolongadas-como-hacer-mas-efectiva-la-ayuda-humanitaria\/","og_site_name":"Foro Mar de Cort\u00e9s","article_publisher":"https:\/\/www.facebook.com\/Foro-Mar-de-Corts-102782702603939","article_modified_time":"2026-09-03T20:46:22+00:00","og_image":[{"width":1200,"height":672,"url":"https:\/\/foromdc.org\/wp-content\/uploads\/2026\/09\/Ayuda-humanitaria.jpg","type":"image\/jpeg"}],"twitter_card":"summary_large_image","twitter_misc":{"Est. reading time":"4 minutes"},"schema":{"@context":"https:\/\/schema.org","@graph":[{"@type":"WebPage","@id":"https:\/\/foromdc.org\/inclusion_social\/ante-crisis-mas-prolongadas-como-hacer-mas-efectiva-la-ayuda-humanitaria\/","url":"https:\/\/foromdc.org\/inclusion_social\/ante-crisis-mas-prolongadas-como-hacer-mas-efectiva-la-ayuda-humanitaria\/","name":"Ante crisis m\u00e1s prolongadas, \u00bfc\u00f3mo hacer m\u00e1s efectiva la ayuda humanitaria? - Foro Mar de Cort\u00e9s","isPartOf":{"@id":"https:\/\/foromdc.org\/#website"},"primaryImageOfPage":{"@id":"https:\/\/foromdc.org\/inclusion_social\/ante-crisis-mas-prolongadas-como-hacer-mas-efectiva-la-ayuda-humanitaria\/#primaryimage"},"image":{"@id":"https:\/\/foromdc.org\/inclusion_social\/ante-crisis-mas-prolongadas-como-hacer-mas-efectiva-la-ayuda-humanitaria\/#primaryimage"},"thumbnailUrl":"https:\/\/foromdc.org\/wp-content\/uploads\/2026\/09\/Ayuda-humanitaria.jpg","datePublished":"2026-09-03T20:41:07+00:00","dateModified":"2026-09-03T20:46:22+00:00","description":"Con 239 millones de personas que requieren atenci\u00f3n urgente y recursos internacionales cada vez m\u00e1s limitados, el Foro Econ\u00f3mico Mundial plantea cinco acciones para que la respuesta a las emergencias contribuya tambi\u00e9n a la recuperaci\u00f3n y resiliencia de las comunidades","breadcrumb":{"@id":"https:\/\/foromdc.org\/inclusion_social\/ante-crisis-mas-prolongadas-como-hacer-mas-efectiva-la-ayuda-humanitaria\/#breadcrumb"},"inLanguage":"en-US","potentialAction":[{"@type":"ReadAction","target":["https:\/\/foromdc.org\/inclusion_social\/ante-crisis-mas-prolongadas-como-hacer-mas-efectiva-la-ayuda-humanitaria\/"]}]},{"@type":"ImageObject","inLanguage":"en-US","@id":"https:\/\/foromdc.org\/inclusion_social\/ante-crisis-mas-prolongadas-como-hacer-mas-efectiva-la-ayuda-humanitaria\/#primaryimage","url":"https:\/\/foromdc.org\/wp-content\/uploads\/2026\/09\/Ayuda-humanitaria.jpg","contentUrl":"https:\/\/foromdc.org\/wp-content\/uploads\/2026\/09\/Ayuda-humanitaria.jpg","width":1200,"height":672,"caption":"Ante crisis m\u00e1s prolongadas, \u00bfc\u00f3mo hacer m\u00e1s efectiva la ayuda humanitaria?"},{"@type":"BreadcrumbList","@id":"https:\/\/foromdc.org\/inclusion_social\/ante-crisis-mas-prolongadas-como-hacer-mas-efectiva-la-ayuda-humanitaria\/#breadcrumb","itemListElement":[{"@type":"ListItem","position":1,"name":"Home","item":"https:\/\/foromdc.org\/"},{"@type":"ListItem","position":2,"name":"Inclusi\u00f3n Social","item":"https:\/\/foromdc.org\/inclusion_social\/"},{"@type":"ListItem","position":3,"name":"Ante crisis m\u00e1s prolongadas, \u00bfc\u00f3mo hacer m\u00e1s efectiva la ayuda humanitaria?"}]},{"@type":"WebSite","@id":"https:\/\/foromdc.org\/#website","url":"https:\/\/foromdc.org\/","name":"Sea of Cortez Forum","description":"","publisher":{"@id":"https:\/\/foromdc.org\/#organization"},"potentialAction":[{"@type":"SearchAction","target":{"@type":"EntryPoint","urlTemplate":"https:\/\/foromdc.org\/?s={search_term_string}"},"query-input":{"@type":"PropertyValueSpecification","valueRequired":true,"valueName":"search_term_string"}}],"inLanguage":"en-US"},{"@type":"Organization","@id":"https:\/\/foromdc.org\/#organization","name":"Sea of Cortez Forum","url":"https:\/\/foromdc.org\/","logo":{"@type":"ImageObject","inLanguage":"en-US","@id":"https:\/\/foromdc.org\/#\/schema\/logo\/image\/","url":"https:\/\/foromdc.org\/wp-content\/uploads\/2021\/06\/cropped-Logo.png","contentUrl":"https:\/\/foromdc.org\/wp-content\/uploads\/2021\/06\/cropped-Logo.png","width":386,"height":72,"caption":"Foro Mar de Cort\u00e9s"},"image":{"@id":"https:\/\/foromdc.org\/#\/schema\/logo\/image\/"},"sameAs":["https:\/\/www.facebook.com\/Foro-Mar-de-Corts-102782702603939"]}]}},"_links":{"self":[{"href":"https:\/\/foromdc.org\/en\/wp-json\/wp\/v2\/inclusion_social\/13828","targetHints":{"allow":["GET"]}}],"collection":[{"href":"https:\/\/foromdc.org\/en\/wp-json\/wp\/v2\/inclusion_social"}],"about":[{"href":"https:\/\/foromdc.org\/en\/wp-json\/wp\/v2\/types\/inclusion_social"}],"version-history":[{"count":7,"href":"https:\/\/foromdc.org\/en\/wp-json\/wp\/v2\/inclusion_social\/13828\/revisions"}],"predecessor-version":[{"id":13837,"href":"https:\/\/foromdc.org\/en\/wp-json\/wp\/v2\/inclusion_social\/13828\/revisions\/13837"}],"wp:featuredmedia":[{"embeddable":true,"href":"https:\/\/foromdc.org\/en\/wp-json\/wp\/v2\/media\/13829"}],"wp:attachment":[{"href":"https:\/\/foromdc.org\/en\/wp-json\/wp\/v2\/media?parent=13828"}],"wp:term":[{"taxonomy":"category","embeddable":true,"href":"https:\/\/foromdc.org\/en\/wp-json\/wp\/v2\/categories?post=13828"},{"taxonomy":"post_tag","embeddable":true,"href":"https:\/\/foromdc.org\/en\/wp-json\/wp\/v2\/tags?post=13828"}],"curies":[{"name":"wp","href":"https:\/\/api.w.org\/{rel}","templated":true}]}}