{"id":13842,"date":"2026-09-04T19:29:48","date_gmt":"2026-09-05T02:29:48","guid":{"rendered":"https:\/\/foromdc.org\/?post_type=empresa_economia&#038;p=13842"},"modified":"2026-09-04T19:37:01","modified_gmt":"2026-09-05T02:37:01","slug":"region-mar-de-cortes-explora-una-nueva-forma-de-hacer-negocios","status":"publish","type":"empresa_economia","link":"https:\/\/foromdc.org\/en\/empresa_economia\/region-mar-de-cortes-explora-una-nueva-forma-de-hacer-negocios\/","title":{"rendered":"Regi\u00f3n Mar de Cort\u00e9s explora una nueva forma de hacer negocios"},"content":{"rendered":"<div data-elementor-type=\"wp-post\" data-elementor-id=\"13842\" class=\"elementor elementor-13842\" data-elementor-post-type=\"empresa_economia\">\n\t\t\t\t\t\t<section class=\"elementor-section elementor-top-section elementor-element elementor-element-51f881e elementor-section-boxed elementor-section-height-default elementor-section-height-default\" data-id=\"51f881e\" data-element_type=\"section\" data-e-type=\"section\" data-settings=\"{&quot;jet_parallax_layout_list&quot;:[]}\">\n\t\t\t\t\t\t<div class=\"elementor-container elementor-column-gap-default\">\n\t\t\t\t\t<div class=\"elementor-column elementor-col-100 elementor-top-column elementor-element elementor-element-dcc1fcc\" data-id=\"dcc1fcc\" data-element_type=\"column\" data-e-type=\"column\">\n\t\t\t<div class=\"elementor-widget-wrap elementor-element-populated\">\n\t\t\t\t\t\t<div class=\"elementor-element elementor-element-a6f8c56 elementor-widget elementor-widget-text-editor\" data-id=\"a6f8c56\" data-element_type=\"widget\" data-e-type=\"widget\" data-widget_type=\"text-editor.default\">\n\t\t\t\t<div class=\"elementor-widget-container\">\n\t\t\t\t\t\t\t\t\t<p>\u00bfEs posible construir una <strong>Sea of Cort\u00e9s Region<\/strong> m\u00e1s pr\u00f3spera desde la manera en que se hacen negocios? M\u00e1s de 30 empresarios y directivos de Baja California, Baja California Sur, Nayarit, Sinaloa y Sonora exploraron esta posibilidad durante el <em><strong>Journey to Conscious Capitalism<\/strong><\/em>, realizado los d\u00edas 1 y 2 de septiembre en <strong>Ensenada<\/strong>, Baja California.<\/p><p>Convocado por <strong>Sea of Cortez Forum<\/strong>, el programa estuvo a cargo de <strong>Raj Sisodia<\/strong>, cofundador del movimiento <strong>Capitalismo Consciente<\/strong> y presidente del <strong>Centro de Empresas Conscientes<\/strong> from <strong>Tecnol\u00f3gico de Monterrey<\/strong>.<\/p><p>El encuentro dio continuidad a una conversaci\u00f3n que Sisodia hab\u00eda planteado durante el <strong>Summit 2025<\/strong> de Foro Mar de Cort\u00e9s: las empresas pueden ser rentables y, al mismo tiempo, generar bienestar para las personas, las comunidades y el planeta.<\/p>\t\t\t\t\t\t\t\t<\/div>\n\t\t\t\t<\/div>\n\t\t\t\t\t<\/div>\n\t\t<\/div>\n\t\t\t\t\t<\/div>\n\t\t<\/section>\n\t\t\t\t<section class=\"elementor-section elementor-top-section elementor-element elementor-element-f2a63c1 elementor-section-boxed elementor-section-height-default elementor-section-height-default\" data-id=\"f2a63c1\" data-element_type=\"section\" data-e-type=\"section\" data-settings=\"{&quot;jet_parallax_layout_list&quot;:[]}\">\n\t\t\t\t\t\t<div class=\"elementor-container elementor-column-gap-default\">\n\t\t\t\t\t<div class=\"elementor-column elementor-col-100 elementor-top-column elementor-element elementor-element-4f5931e\" data-id=\"4f5931e\" data-element_type=\"column\" data-e-type=\"column\">\n\t\t\t<div class=\"elementor-widget-wrap elementor-element-populated\">\n\t\t\t\t\t\t<div class=\"elementor-element elementor-element-40dd777 elementor-widget elementor-widget-image\" data-id=\"40dd777\" data-element_type=\"widget\" data-e-type=\"widget\" data-widget_type=\"image.default\">\n\t\t\t\t<div class=\"elementor-widget-container\">\n\t\t\t\t\t\t\t\t\t\t\t\t\t\t\t<img fetchpriority=\"high\" decoding=\"async\" width=\"900\" height=\"656\" src=\"https:\/\/foromdc.org\/wp-content\/uploads\/2026\/09\/WhatsApp-Image-2026-09-01-at-9.31.00-AM.jpeg\" class=\"attachment-large size-large wp-image-13846\" alt=\"\" srcset=\"https:\/\/foromdc.org\/wp-content\/uploads\/2026\/09\/WhatsApp-Image-2026-09-01-at-9.31.00-AM.jpeg 900w, https:\/\/foromdc.org\/wp-content\/uploads\/2026\/09\/WhatsApp-Image-2026-09-01-at-9.31.00-AM-300x219.jpeg 300w, https:\/\/foromdc.org\/wp-content\/uploads\/2026\/09\/WhatsApp-Image-2026-09-01-at-9.31.00-AM-768x560.jpeg 768w, https:\/\/foromdc.org\/wp-content\/uploads\/2026\/09\/WhatsApp-Image-2026-09-01-at-9.31.00-AM-16x12.jpeg 16w\" sizes=\"(max-width: 900px) 100vw, 900px\" \/>\t\t\t\t\t\t\t\t\t\t\t\t\t\t\t<\/div>\n\t\t\t\t<\/div>\n\t\t\t\t\t<\/div>\n\t\t<\/div>\n\t\t\t\t\t<\/div>\n\t\t<\/section>\n\t\t\t\t<section class=\"elementor-section elementor-top-section elementor-element elementor-element-e1735a5 elementor-section-boxed elementor-section-height-default elementor-section-height-default\" data-id=\"e1735a5\" data-element_type=\"section\" data-e-type=\"section\" data-settings=\"{&quot;jet_parallax_layout_list&quot;:[]}\">\n\t\t\t\t\t\t<div class=\"elementor-container elementor-column-gap-default\">\n\t\t\t\t\t<div class=\"elementor-column elementor-col-100 elementor-top-column elementor-element elementor-element-470d2e8\" data-id=\"470d2e8\" data-element_type=\"column\" data-e-type=\"column\">\n\t\t\t<div class=\"elementor-widget-wrap elementor-element-populated\">\n\t\t\t\t\t\t<div class=\"elementor-element elementor-element-7446b8c elementor-widget elementor-widget-text-editor\" data-id=\"7446b8c\" data-element_type=\"widget\" data-e-type=\"widget\" data-widget_type=\"text-editor.default\">\n\t\t\t\t<div class=\"elementor-widget-container\">\n\t\t\t\t\t\t\t\t\t<p>Pero \u00bfqu\u00e9 distingue a una empresa consciente? El modelo que impulsa Sisodia se sostiene en <strong>cuatro pilares<\/strong> que llevan esa idea a la gesti\u00f3n empresarial.<\/p><p>El primero es un <strong>prop\u00f3sito superior<\/strong>: tener claridad sobre la raz\u00f3n de ser de la empresa m\u00e1s all\u00e1 de sus resultados financieros. El segundo es la <strong>integraci\u00f3n de los grupos de\u00a0 inter\u00e9s<\/strong>, que reconoce la interdependencia entre colaboradores, clientes, proveedores, inversionistas, comunidades y otros actores vinculados con el negocio.<\/p><p>El tercero es el<strong> liderazgo consciente<\/strong>, en el que quienes dirigen la organizaci\u00f3n orientan sus decisiones hacia el prop\u00f3sito y la creaci\u00f3n de valor para el conjunto de sus partes interesadas. El cuarto es una <strong>cultura consciente<\/strong>, basada en valores como confianza, responsabilidad, transparencia, integridad y cuidado.<\/p>\t\t\t\t\t\t\t\t<\/div>\n\t\t\t\t<\/div>\n\t\t\t\t\t<\/div>\n\t\t<\/div>\n\t\t\t\t\t<\/div>\n\t\t<\/section>\n\t\t\t\t<section class=\"elementor-section elementor-top-section elementor-element elementor-element-3ef6346 elementor-section-boxed elementor-section-height-default elementor-section-height-default\" data-id=\"3ef6346\" data-element_type=\"section\" data-e-type=\"section\" data-settings=\"{&quot;jet_parallax_layout_list&quot;:[]}\">\n\t\t\t\t\t\t<div class=\"elementor-container elementor-column-gap-default\">\n\t\t\t\t\t<div class=\"elementor-column elementor-col-100 elementor-top-column elementor-element elementor-element-b0fac92\" data-id=\"b0fac92\" data-element_type=\"column\" data-e-type=\"column\">\n\t\t\t<div class=\"elementor-widget-wrap elementor-element-populated\">\n\t\t\t\t\t\t<div class=\"elementor-element elementor-element-91b7e47 elementor-widget elementor-widget-image\" data-id=\"91b7e47\" data-element_type=\"widget\" data-e-type=\"widget\" data-widget_type=\"image.default\">\n\t\t\t\t<div class=\"elementor-widget-container\">\n\t\t\t\t\t\t\t\t\t\t\t\t\t\t\t<img decoding=\"async\" width=\"1024\" height=\"683\" src=\"https:\/\/foromdc.org\/wp-content\/uploads\/2026\/09\/Journey-ensenada-1024x683.png\" class=\"attachment-large size-large wp-image-13850\" alt=\"\" srcset=\"https:\/\/foromdc.org\/wp-content\/uploads\/2026\/09\/Journey-ensenada-1024x683.png 1024w, https:\/\/foromdc.org\/wp-content\/uploads\/2026\/09\/Journey-ensenada-300x200.png 300w, https:\/\/foromdc.org\/wp-content\/uploads\/2026\/09\/Journey-ensenada-768x512.png 768w, https:\/\/foromdc.org\/wp-content\/uploads\/2026\/09\/Journey-ensenada-391x260.png 391w, https:\/\/foromdc.org\/wp-content\/uploads\/2026\/09\/Journey-ensenada-18x12.png 18w, https:\/\/foromdc.org\/wp-content\/uploads\/2026\/09\/Journey-ensenada.png 1536w\" sizes=\"(max-width: 1024px) 100vw, 1024px\" \/>\t\t\t\t\t\t\t\t\t\t\t\t\t\t\t<\/div>\n\t\t\t\t<\/div>\n\t\t\t\t\t<\/div>\n\t\t<\/div>\n\t\t\t\t\t<\/div>\n\t\t<\/section>\n\t\t\t\t<section class=\"elementor-section elementor-top-section elementor-element elementor-element-879f2ee elementor-section-boxed elementor-section-height-default elementor-section-height-default\" data-id=\"879f2ee\" data-element_type=\"section\" data-e-type=\"section\" data-settings=\"{&quot;jet_parallax_layout_list&quot;:[]}\">\n\t\t\t\t\t\t<div class=\"elementor-container elementor-column-gap-default\">\n\t\t\t\t\t<div class=\"elementor-column elementor-col-100 elementor-top-column elementor-element elementor-element-7831599\" data-id=\"7831599\" data-element_type=\"column\" data-e-type=\"column\">\n\t\t\t<div class=\"elementor-widget-wrap elementor-element-populated\">\n\t\t\t\t\t\t<div class=\"elementor-element elementor-element-f2254d3 elementor-widget elementor-widget-text-editor\" data-id=\"f2254d3\" data-element_type=\"widget\" data-e-type=\"widget\" data-widget_type=\"text-editor.default\">\n\t\t\t\t<div class=\"elementor-widget-container\">\n\t\t\t\t\t\t\t\t\t<p>The <em><strong>Journey to Conscious Capitalism<\/strong><\/em> llev\u00f3 estos principios a un espacio de formaci\u00f3n dirigido a l\u00edderes empresariales de los cinco estados de la <strong>Sea of Cort\u00e9s Region<\/strong>. El desaf\u00edo es trasladarlos a la operaci\u00f3n cotidiana: desde la relaci\u00f3n con colaboradores y proveedores hasta las decisiones de inversi\u00f3n y la vinculaci\u00f3n con las comunidades.<\/p><p>Para la<strong> Sea of Cort\u00e9s Region<\/strong>, avanzar hacia <strong>empresas m\u00e1s conscientes<\/strong> plantea una posibilidad de alcance regional: hacer de la actividad empresarial una fuerza que genere valor econ\u00f3mico mientras fortalece a las personas, las comunidades y el territorio del que depende su propia <strong>prosperity<\/strong>.<\/p>\t\t\t\t\t\t\t\t<\/div>\n\t\t\t\t<\/div>\n\t\t\t\t\t<\/div>\n\t\t<\/div>\n\t\t\t\t\t<\/div>\n\t\t<\/section>\n\t\t\t\t<\/div>","protected":false},"excerpt":{"rendered":"<p>Alrededor de 30 empresarios y directivos de los cinco estados de la regi\u00f3n participaron en el Journey to Conscious Capitalism, encabezado por Raj Sisodia, para explorar un modelo que busca conciliar los resultados del negocio con el bienestar de las personas y su entorno<\/p>","protected":false},"featured_media":13843,"template":"","categories":[41,15],"tags":[702,850,701],"class_list":["post-13842","empresa_economia","type-empresa_economia","status-publish","has-post-thumbnail","hentry","category-carrusel","category-portada","tag-capitalismo-consciente","tag-journey-to-conscious-capitalism","tag-raj-sisodia"],"acf":[],"yoast_head":"<!-- This site is optimized with the Yoast SEO plugin v28.4 - https:\/\/yoast.com\/product\/yoast-seo-wordpress\/ -->\n<title>Regi\u00f3n Mar de Cort\u00e9s explora una nueva forma de hacer negocios - Foro Mar de Cort\u00e9s<\/title>\n<meta name=\"description\" content=\"Alrededor de 30 empresarios y directivos de los cinco estados de la regi\u00f3n participaron en el Journey to Conscious Capitalism, encabezado por Raj Sisodia, para explorar un modelo que busca conciliar los resultados del negocio con el bienestar de las personas y su entorno\" \/>\n<meta name=\"robots\" content=\"index, follow, max-snippet:-1, max-image-preview:large, max-video-preview:-1\" \/>\n<link rel=\"canonical\" href=\"https:\/\/foromdc.org\/en\/empresa_economia\/region-mar-de-cortes-explora-una-nueva-forma-de-hacer-negocios\/\" \/>\n<meta property=\"og:locale\" content=\"en_US\" \/>\n<meta property=\"og:type\" content=\"article\" \/>\n<meta property=\"og:title\" content=\"Regi\u00f3n Mar de Cort\u00e9s explora una nueva forma de hacer negocios - Foro Mar de Cort\u00e9s\" \/>\n<meta property=\"og:description\" content=\"Alrededor de 30 empresarios y directivos de los cinco estados de la regi\u00f3n participaron en el Journey to Conscious Capitalism, encabezado por Raj Sisodia, para explorar un modelo que busca conciliar los resultados del negocio con el bienestar de las personas y su entorno\" \/>\n<meta property=\"og:url\" content=\"https:\/\/foromdc.org\/en\/empresa_economia\/region-mar-de-cortes-explora-una-nueva-forma-de-hacer-negocios\/\" \/>\n<meta property=\"og:site_name\" content=\"Foro Mar de Cort\u00e9s\" \/>\n<meta property=\"article:publisher\" content=\"https:\/\/www.facebook.com\/Foro-Mar-de-Corts-102782702603939\" \/>\n<meta property=\"article:modified_time\" content=\"2026-09-05T02:37:01+00:00\" \/>\n<meta property=\"og:image\" content=\"https:\/\/foromdc.org\/wp-content\/uploads\/2026\/09\/Raj-Sisodia-Journey.jpg\" \/>\n\t<meta property=\"og:image:width\" content=\"1200\" \/>\n\t<meta property=\"og:image:height\" content=\"729\" \/>\n\t<meta property=\"og:image:type\" content=\"image\/jpeg\" \/>\n<meta name=\"twitter:card\" content=\"summary_large_image\" \/>\n<meta name=\"twitter:label1\" content=\"Est. reading time\" \/>\n\t<meta name=\"twitter:data1\" content=\"2 minutes\" \/>\n<script type=\"application\/ld+json\" class=\"yoast-schema-graph\">{\"@context\":\"https:\\\/\\\/schema.org\",\"@graph\":[{\"@type\":\"WebPage\",\"@id\":\"https:\\\/\\\/foromdc.org\\\/empresa_economia\\\/region-mar-de-cortes-explora-una-nueva-forma-de-hacer-negocios\\\/\",\"url\":\"https:\\\/\\\/foromdc.org\\\/empresa_economia\\\/region-mar-de-cortes-explora-una-nueva-forma-de-hacer-negocios\\\/\",\"name\":\"Regi\u00f3n Mar de Cort\u00e9s explora una nueva forma de hacer negocios - Foro Mar de Cort\u00e9s\",\"isPartOf\":{\"@id\":\"https:\\\/\\\/foromdc.org\\\/#website\"},\"primaryImageOfPage\":{\"@id\":\"https:\\\/\\\/foromdc.org\\\/empresa_economia\\\/region-mar-de-cortes-explora-una-nueva-forma-de-hacer-negocios\\\/#primaryimage\"},\"image\":{\"@id\":\"https:\\\/\\\/foromdc.org\\\/empresa_economia\\\/region-mar-de-cortes-explora-una-nueva-forma-de-hacer-negocios\\\/#primaryimage\"},\"thumbnailUrl\":\"https:\\\/\\\/foromdc.org\\\/wp-content\\\/uploads\\\/2026\\\/09\\\/Raj-Sisodia-Journey.jpg\",\"datePublished\":\"2026-09-05T02:29:48+00:00\",\"dateModified\":\"2026-09-05T02:37:01+00:00\",\"description\":\"Alrededor de 30 empresarios y directivos de los cinco estados de la regi\u00f3n participaron en el Journey to Conscious Capitalism, encabezado por Raj Sisodia, para explorar un modelo que busca conciliar los resultados del negocio con el bienestar de las personas y su entorno\",\"breadcrumb\":{\"@id\":\"https:\\\/\\\/foromdc.org\\\/empresa_economia\\\/region-mar-de-cortes-explora-una-nueva-forma-de-hacer-negocios\\\/#breadcrumb\"},\"inLanguage\":\"en-US\",\"potentialAction\":[{\"@type\":\"ReadAction\",\"target\":[\"https:\\\/\\\/foromdc.org\\\/empresa_economia\\\/region-mar-de-cortes-explora-una-nueva-forma-de-hacer-negocios\\\/\"]}]},{\"@type\":\"ImageObject\",\"inLanguage\":\"en-US\",\"@id\":\"https:\\\/\\\/foromdc.org\\\/empresa_economia\\\/region-mar-de-cortes-explora-una-nueva-forma-de-hacer-negocios\\\/#primaryimage\",\"url\":\"https:\\\/\\\/foromdc.org\\\/wp-content\\\/uploads\\\/2026\\\/09\\\/Raj-Sisodia-Journey.jpg\",\"contentUrl\":\"https:\\\/\\\/foromdc.org\\\/wp-content\\\/uploads\\\/2026\\\/09\\\/Raj-Sisodia-Journey.jpg\",\"width\":1200,\"height\":729,\"caption\":\"Regi\u00f3n Mar de Cort\u00e9s explora una nueva forma de hacer negocios\"},{\"@type\":\"BreadcrumbList\",\"@id\":\"https:\\\/\\\/foromdc.org\\\/empresa_economia\\\/region-mar-de-cortes-explora-una-nueva-forma-de-hacer-negocios\\\/#breadcrumb\",\"itemListElement\":[{\"@type\":\"ListItem\",\"position\":1,\"name\":\"Home\",\"item\":\"https:\\\/\\\/foromdc.org\\\/\"},{\"@type\":\"ListItem\",\"position\":2,\"name\":\"Empresa, emprendimiento y econom\u00eda\",\"item\":\"https:\\\/\\\/foromdc.org\\\/empresa_economia\\\/\"},{\"@type\":\"ListItem\",\"position\":3,\"name\":\"Regi\u00f3n Mar de Cort\u00e9s explora una nueva forma de hacer negocios\"}]},{\"@type\":\"WebSite\",\"@id\":\"https:\\\/\\\/foromdc.org\\\/#website\",\"url\":\"https:\\\/\\\/foromdc.org\\\/\",\"name\":\"Foro Mar de Cort\u00e9s\",\"description\":\"\",\"publisher\":{\"@id\":\"https:\\\/\\\/foromdc.org\\\/#organization\"},\"potentialAction\":[{\"@type\":\"SearchAction\",\"target\":{\"@type\":\"EntryPoint\",\"urlTemplate\":\"https:\\\/\\\/foromdc.org\\\/?s={search_term_string}\"},\"query-input\":{\"@type\":\"PropertyValueSpecification\",\"valueRequired\":true,\"valueName\":\"search_term_string\"}}],\"inLanguage\":\"en-US\"},{\"@type\":\"Organization\",\"@id\":\"https:\\\/\\\/foromdc.org\\\/#organization\",\"name\":\"Foro Mar de Cort\u00e9s\",\"url\":\"https:\\\/\\\/foromdc.org\\\/\",\"logo\":{\"@type\":\"ImageObject\",\"inLanguage\":\"en-US\",\"@id\":\"https:\\\/\\\/foromdc.org\\\/#\\\/schema\\\/logo\\\/image\\\/\",\"url\":\"https:\\\/\\\/foromdc.org\\\/wp-content\\\/uploads\\\/2021\\\/06\\\/cropped-Logo.png\",\"contentUrl\":\"https:\\\/\\\/foromdc.org\\\/wp-content\\\/uploads\\\/2021\\\/06\\\/cropped-Logo.png\",\"width\":386,\"height\":72,\"caption\":\"Foro Mar de Cort\u00e9s\"},\"image\":{\"@id\":\"https:\\\/\\\/foromdc.org\\\/#\\\/schema\\\/logo\\\/image\\\/\"},\"sameAs\":[\"https:\\\/\\\/www.facebook.com\\\/Foro-Mar-de-Corts-102782702603939\"]}]}<\/script>\n<!-- \/ Yoast SEO plugin. -->","yoast_head_json":{"title":"Regi\u00f3n Mar de Cort\u00e9s explora una nueva forma de hacer negocios - Foro Mar de Cort\u00e9s","description":"Alrededor de 30 empresarios y directivos de los cinco estados de la regi\u00f3n participaron en el Journey to Conscious Capitalism, encabezado por Raj Sisodia, para explorar un modelo que busca conciliar los resultados del negocio con el bienestar de las personas y su entorno","robots":{"index":"index","follow":"follow","max-snippet":"max-snippet:-1","max-image-preview":"max-image-preview:large","max-video-preview":"max-video-preview:-1"},"canonical":"https:\/\/foromdc.org\/en\/empresa_economia\/region-mar-de-cortes-explora-una-nueva-forma-de-hacer-negocios\/","og_locale":"en_US","og_type":"article","og_title":"Regi\u00f3n Mar de Cort\u00e9s explora una nueva forma de hacer negocios - Foro Mar de Cort\u00e9s","og_description":"Alrededor de 30 empresarios y directivos de los cinco estados de la regi\u00f3n participaron en el Journey to Conscious Capitalism, encabezado por Raj Sisodia, para explorar un modelo que busca conciliar los resultados del negocio con el bienestar de las personas y su entorno","og_url":"https:\/\/foromdc.org\/en\/empresa_economia\/region-mar-de-cortes-explora-una-nueva-forma-de-hacer-negocios\/","og_site_name":"Foro Mar de Cort\u00e9s","article_publisher":"https:\/\/www.facebook.com\/Foro-Mar-de-Corts-102782702603939","article_modified_time":"2026-09-05T02:37:01+00:00","og_image":[{"width":1200,"height":729,"url":"https:\/\/foromdc.org\/wp-content\/uploads\/2026\/09\/Raj-Sisodia-Journey.jpg","type":"image\/jpeg"}],"twitter_card":"summary_large_image","twitter_misc":{"Est. reading time":"2 minutes"},"schema":{"@context":"https:\/\/schema.org","@graph":[{"@type":"WebPage","@id":"https:\/\/foromdc.org\/empresa_economia\/region-mar-de-cortes-explora-una-nueva-forma-de-hacer-negocios\/","url":"https:\/\/foromdc.org\/empresa_economia\/region-mar-de-cortes-explora-una-nueva-forma-de-hacer-negocios\/","name":"Regi\u00f3n Mar de Cort\u00e9s explora una nueva forma de hacer negocios - Foro Mar de Cort\u00e9s","isPartOf":{"@id":"https:\/\/foromdc.org\/#website"},"primaryImageOfPage":{"@id":"https:\/\/foromdc.org\/empresa_economia\/region-mar-de-cortes-explora-una-nueva-forma-de-hacer-negocios\/#primaryimage"},"image":{"@id":"https:\/\/foromdc.org\/empresa_economia\/region-mar-de-cortes-explora-una-nueva-forma-de-hacer-negocios\/#primaryimage"},"thumbnailUrl":"https:\/\/foromdc.org\/wp-content\/uploads\/2026\/09\/Raj-Sisodia-Journey.jpg","datePublished":"2026-09-05T02:29:48+00:00","dateModified":"2026-09-05T02:37:01+00:00","description":"Alrededor de 30 empresarios y directivos de los cinco estados de la regi\u00f3n participaron en el Journey to Conscious Capitalism, encabezado por Raj Sisodia, para explorar un modelo que busca conciliar los resultados del negocio con el bienestar de las personas y su entorno","breadcrumb":{"@id":"https:\/\/foromdc.org\/empresa_economia\/region-mar-de-cortes-explora-una-nueva-forma-de-hacer-negocios\/#breadcrumb"},"inLanguage":"en-US","potentialAction":[{"@type":"ReadAction","target":["https:\/\/foromdc.org\/empresa_economia\/region-mar-de-cortes-explora-una-nueva-forma-de-hacer-negocios\/"]}]},{"@type":"ImageObject","inLanguage":"en-US","@id":"https:\/\/foromdc.org\/empresa_economia\/region-mar-de-cortes-explora-una-nueva-forma-de-hacer-negocios\/#primaryimage","url":"https:\/\/foromdc.org\/wp-content\/uploads\/2026\/09\/Raj-Sisodia-Journey.jpg","contentUrl":"https:\/\/foromdc.org\/wp-content\/uploads\/2026\/09\/Raj-Sisodia-Journey.jpg","width":1200,"height":729,"caption":"Regi\u00f3n Mar de Cort\u00e9s explora una nueva forma de hacer negocios"},{"@type":"BreadcrumbList","@id":"https:\/\/foromdc.org\/empresa_economia\/region-mar-de-cortes-explora-una-nueva-forma-de-hacer-negocios\/#breadcrumb","itemListElement":[{"@type":"ListItem","position":1,"name":"Home","item":"https:\/\/foromdc.org\/"},{"@type":"ListItem","position":2,"name":"Empresa, emprendimiento y econom\u00eda","item":"https:\/\/foromdc.org\/empresa_economia\/"},{"@type":"ListItem","position":3,"name":"Regi\u00f3n Mar de Cort\u00e9s explora una nueva forma de hacer negocios"}]},{"@type":"WebSite","@id":"https:\/\/foromdc.org\/#website","url":"https:\/\/foromdc.org\/","name":"Sea of Cortez Forum","description":"","publisher":{"@id":"https:\/\/foromdc.org\/#organization"},"potentialAction":[{"@type":"SearchAction","target":{"@type":"EntryPoint","urlTemplate":"https:\/\/foromdc.org\/?s={search_term_string}"},"query-input":{"@type":"PropertyValueSpecification","valueRequired":true,"valueName":"search_term_string"}}],"inLanguage":"en-US"},{"@type":"Organization","@id":"https:\/\/foromdc.org\/#organization","name":"Sea of Cortez Forum","url":"https:\/\/foromdc.org\/","logo":{"@type":"ImageObject","inLanguage":"en-US","@id":"https:\/\/foromdc.org\/#\/schema\/logo\/image\/","url":"https:\/\/foromdc.org\/wp-content\/uploads\/2021\/06\/cropped-Logo.png","contentUrl":"https:\/\/foromdc.org\/wp-content\/uploads\/2021\/06\/cropped-Logo.png","width":386,"height":72,"caption":"Foro Mar de Cort\u00e9s"},"image":{"@id":"https:\/\/foromdc.org\/#\/schema\/logo\/image\/"},"sameAs":["https:\/\/www.facebook.com\/Foro-Mar-de-Corts-102782702603939"]}]}},"_links":{"self":[{"href":"https:\/\/foromdc.org\/en\/wp-json\/wp\/v2\/empresa_economia\/13842","targetHints":{"allow":["GET"]}}],"collection":[{"href":"https:\/\/foromdc.org\/en\/wp-json\/wp\/v2\/empresa_economia"}],"about":[{"href":"https:\/\/foromdc.org\/en\/wp-json\/wp\/v2\/types\/empresa_economia"}],"version-history":[{"count":7,"href":"https:\/\/foromdc.org\/en\/wp-json\/wp\/v2\/empresa_economia\/13842\/revisions"}],"predecessor-version":[{"id":13856,"href":"https:\/\/foromdc.org\/en\/wp-json\/wp\/v2\/empresa_economia\/13842\/revisions\/13856"}],"wp:featuredmedia":[{"embeddable":true,"href":"https:\/\/foromdc.org\/en\/wp-json\/wp\/v2\/media\/13843"}],"wp:attachment":[{"href":"https:\/\/foromdc.org\/en\/wp-json\/wp\/v2\/media?parent=13842"}],"wp:term":[{"taxonomy":"category","embeddable":true,"href":"https:\/\/foromdc.org\/en\/wp-json\/wp\/v2\/categories?post=13842"},{"taxonomy":"post_tag","embeddable":true,"href":"https:\/\/foromdc.org\/en\/wp-json\/wp\/v2\/tags?post=13842"}],"curies":[{"name":"wp","href":"https:\/\/api.w.org\/{rel}","templated":true}]}}