{"id":13815,"date":"2026-09-01T17:31:18","date_gmt":"2026-09-02T00:31:18","guid":{"rendered":"https:\/\/foromdc.org\/?post_type=empresa_economia&#038;p=13815"},"modified":"2026-09-01T17:39:38","modified_gmt":"2026-09-02T00:39:38","slug":"precios-agricolas-bajo-presion-guerra-y-clima-agitan-los-mercados-mundiales","status":"publish","type":"empresa_economia","link":"https:\/\/foromdc.org\/en\/empresa_economia\/precios-agricolas-bajo-presion-guerra-y-clima-agitan-los-mercados-mundiales\/","title":{"rendered":"Precios agr\u00edcolas bajo presi\u00f3n: guerra y clima agitan los mercados mundiales"},"content":{"rendered":"<div data-elementor-type=\"wp-post\" data-elementor-id=\"13815\" class=\"elementor elementor-13815\" data-elementor-post-type=\"empresa_economia\">\n\t\t\t\t\t\t<section class=\"elementor-section elementor-top-section elementor-element elementor-element-6894cef elementor-section-boxed elementor-section-height-default elementor-section-height-default\" data-id=\"6894cef\" data-element_type=\"section\" data-e-type=\"section\" data-settings=\"{&quot;jet_parallax_layout_list&quot;:[]}\">\n\t\t\t\t\t\t<div class=\"elementor-container elementor-column-gap-default\">\n\t\t\t\t\t<div class=\"elementor-column elementor-col-100 elementor-top-column elementor-element elementor-element-8e9abb3\" data-id=\"8e9abb3\" data-element_type=\"column\" data-e-type=\"column\">\n\t\t\t<div class=\"elementor-widget-wrap elementor-element-populated\">\n\t\t\t\t\t\t<div class=\"elementor-element elementor-element-563d21d elementor-widget elementor-widget-text-editor\" data-id=\"563d21d\" data-element_type=\"widget\" data-e-type=\"widget\" data-widget_type=\"text-editor.default\">\n\t\t\t\t<div class=\"elementor-widget-container\">\n\t\t\t\t\t\t\t\t\t<p>The <strong>mercados agr\u00edcolas<\/strong> cerraron agosto con una se\u00f1al de alerta. El <strong>\u00cdndice Agr\u00edcola al Contado de Bloomberg<\/strong>, que sigue 10 productos agr\u00edcolas relevantes, aument\u00f3 m\u00e1s de 13% durante el mes, su mayor avance mensual desde julio de 2012.<\/p><p>El incremento responde a una combinaci\u00f3n de factores: problemas en las exportaciones de <strong>wheat<\/strong> del mar Negro, afectaciones clim\u00e1ticas en cultivos de <strong>ma\u00edz<\/strong> y presiones sobre productos como <strong>az\u00facar<\/strong> y <strong>cacao<\/strong>, public\u00f3 <strong>Bloomberg<\/strong>.<\/p>\t\t\t\t\t\t\t\t<\/div>\n\t\t\t\t<\/div>\n\t\t\t\t\t<\/div>\n\t\t<\/div>\n\t\t\t\t\t<\/div>\n\t\t<\/section>\n\t\t\t\t<section class=\"elementor-section elementor-top-section elementor-element elementor-element-5d565e8 elementor-section-boxed elementor-section-height-default elementor-section-height-default\" data-id=\"5d565e8\" data-element_type=\"section\" data-e-type=\"section\" data-settings=\"{&quot;jet_parallax_layout_list&quot;:[]}\">\n\t\t\t\t\t\t<div class=\"elementor-container elementor-column-gap-default\">\n\t\t\t\t\t<div class=\"elementor-column elementor-col-100 elementor-top-column elementor-element elementor-element-b4f7cb7\" data-id=\"b4f7cb7\" data-element_type=\"column\" data-e-type=\"column\">\n\t\t\t<div class=\"elementor-widget-wrap elementor-element-populated\">\n\t\t\t\t\t\t<div class=\"elementor-element elementor-element-ac10de7 elementor-widget elementor-widget-text-editor\" data-id=\"ac10de7\" data-element_type=\"widget\" data-e-type=\"widget\" data-widget_type=\"text-editor.default\">\n\t\t\t\t<div class=\"elementor-widget-container\">\n\t\t\t\t\t\t\t\t\t<h3><strong>El trigo, entre los principales focos<\/strong><\/h3>\t\t\t\t\t\t\t\t<\/div>\n\t\t\t\t<\/div>\n\t\t\t\t\t<\/div>\n\t\t<\/div>\n\t\t\t\t\t<\/div>\n\t\t<\/section>\n\t\t\t\t<section class=\"elementor-section elementor-top-section elementor-element elementor-element-48abdd6 elementor-section-boxed elementor-section-height-default elementor-section-height-default\" data-id=\"48abdd6\" data-element_type=\"section\" data-e-type=\"section\" data-settings=\"{&quot;jet_parallax_layout_list&quot;:[]}\">\n\t\t\t\t\t\t<div class=\"elementor-container elementor-column-gap-default\">\n\t\t\t\t\t<div class=\"elementor-column elementor-col-100 elementor-top-column elementor-element elementor-element-e968e8c\" data-id=\"e968e8c\" data-element_type=\"column\" data-e-type=\"column\">\n\t\t\t<div class=\"elementor-widget-wrap elementor-element-populated\">\n\t\t\t\t\t\t<div class=\"elementor-element elementor-element-dfe0a16 elementor-widget elementor-widget-text-editor\" data-id=\"dfe0a16\" data-element_type=\"widget\" data-e-type=\"widget\" data-widget_type=\"text-editor.default\">\n\t\t\t\t<div class=\"elementor-widget-container\">\n\t\t\t\t\t\t\t\t\t<p>Los precios del <strong>wheat<\/strong> alcanzaron un m\u00e1ximo de tres a\u00f1os ante las afectaciones a los embarques procedentes del mar Negro. Las exportaciones de <strong>Rusia<\/strong> y <strong>Ukraine<\/strong>, que en conjunto representan m\u00e1s de una cuarta parte de las exportaciones mundiales de este grano, se han desacelerado por ataques a embarcaciones y puertos.<\/p><p><strong>Bloomberg<\/strong> se\u00f1ala que existen pocas alternativas inmediatas para sustituir ese suministro. <strong>Argentina<\/strong> enfrenta dudas sobre la calidad de su producci\u00f3n; <strong>Canada<\/strong> tiene limitaciones; <strong>Australia<\/strong>, restricciones de capacidad exportadora, y el trigo estadounidense resulta cada vez m\u00e1s costoso.<\/p>\t\t\t\t\t\t\t\t<\/div>\n\t\t\t\t<\/div>\n\t\t\t\t\t<\/div>\n\t\t<\/div>\n\t\t\t\t\t<\/div>\n\t\t<\/section>\n\t\t\t\t<section class=\"elementor-section elementor-top-section elementor-element elementor-element-bdbe22b elementor-section-boxed elementor-section-height-default elementor-section-height-default\" data-id=\"bdbe22b\" data-element_type=\"section\" data-e-type=\"section\" data-settings=\"{&quot;jet_parallax_layout_list&quot;:[]}\">\n\t\t\t\t\t\t<div class=\"elementor-container elementor-column-gap-default\">\n\t\t\t\t\t<div class=\"elementor-column elementor-col-100 elementor-top-column elementor-element elementor-element-34b8c2f\" data-id=\"34b8c2f\" data-element_type=\"column\" data-e-type=\"column\">\n\t\t\t<div class=\"elementor-widget-wrap elementor-element-populated\">\n\t\t\t\t\t\t<div class=\"elementor-element elementor-element-526b7fe elementor-widget elementor-widget-text-editor\" data-id=\"526b7fe\" data-element_type=\"widget\" data-e-type=\"widget\" data-widget_type=\"text-editor.default\">\n\t\t\t\t<div class=\"elementor-widget-container\">\n\t\t\t\t\t\t\t\t\t<h3><strong>Clima extremo y mayores costos<\/strong><\/h3>\t\t\t\t\t\t\t\t<\/div>\n\t\t\t\t<\/div>\n\t\t\t\t\t<\/div>\n\t\t<\/div>\n\t\t\t\t\t<\/div>\n\t\t<\/section>\n\t\t\t\t<section class=\"elementor-section elementor-top-section elementor-element elementor-element-2660d6f elementor-section-boxed elementor-section-height-default elementor-section-height-default\" data-id=\"2660d6f\" data-element_type=\"section\" data-e-type=\"section\" data-settings=\"{&quot;jet_parallax_layout_list&quot;:[]}\">\n\t\t\t\t\t\t<div class=\"elementor-container elementor-column-gap-default\">\n\t\t\t\t\t<div class=\"elementor-column elementor-col-100 elementor-top-column elementor-element elementor-element-e652166\" data-id=\"e652166\" data-element_type=\"column\" data-e-type=\"column\">\n\t\t\t<div class=\"elementor-widget-wrap elementor-element-populated\">\n\t\t\t\t\t\t<div class=\"elementor-element elementor-element-82cc2e3 elementor-widget elementor-widget-text-editor\" data-id=\"82cc2e3\" data-element_type=\"widget\" data-e-type=\"widget\" data-widget_type=\"text-editor.default\">\n\t\t\t\t<div class=\"elementor-widget-container\">\n\t\t\t\t\t\t\t\t\t<p>A las tensiones geopol\u00edticas se suma el clima. Las <strong>heat waves<\/strong> han afectado cultivos de ma\u00edz en <strong>United States<\/strong> y <strong>Europa<\/strong>, mientras las condiciones asociadas con <strong>El Ni\u00f1o<\/strong> agregan incertidumbre para otras cosechas.<\/p><p>El az\u00facar y el cacao, por su parte, registraron aumentos cercanos al 20% durante agosto.<\/p><p>Otro factor de presi\u00f3n est\u00e1 en la energ\u00eda y los insumos. Las tensiones en <strong>Medio Oriente<\/strong> han generado preocupaci\u00f3n sobre los flujos de combustibles y fertilizantes, mientras aumentan costos de transporte y energ\u00eda.<\/p><p>Esto no significa que los precios de los alimentos para los consumidores subir\u00e1n en la misma proporci\u00f3n. Entre las cotizaciones agr\u00edcolas y el precio final intervienen procesamiento, almacenamiento, transporte y comercializaci\u00f3n. Sin embargo, <strong>Bloomberg<\/strong> advierte que productos como pan, carne y l\u00e1cteos podr\u00edan resentir eventualmente el entorno de mayores costos.<\/p>\t\t\t\t\t\t\t\t<\/div>\n\t\t\t\t<\/div>\n\t\t\t\t\t<\/div>\n\t\t<\/div>\n\t\t\t\t\t<\/div>\n\t\t<\/section>\n\t\t\t\t<section class=\"elementor-section elementor-top-section elementor-element elementor-element-ea68c74 elementor-section-boxed elementor-section-height-default elementor-section-height-default\" data-id=\"ea68c74\" data-element_type=\"section\" data-e-type=\"section\" data-settings=\"{&quot;jet_parallax_layout_list&quot;:[]}\">\n\t\t\t\t\t\t<div class=\"elementor-container elementor-column-gap-default\">\n\t\t\t\t\t<div class=\"elementor-column elementor-col-100 elementor-top-column elementor-element elementor-element-95259f8\" data-id=\"95259f8\" data-element_type=\"column\" data-e-type=\"column\">\n\t\t\t<div class=\"elementor-widget-wrap elementor-element-populated\">\n\t\t\t\t\t\t<div class=\"elementor-element elementor-element-294eccb elementor-widget elementor-widget-text-editor\" data-id=\"294eccb\" data-element_type=\"widget\" data-e-type=\"widget\" data-widget_type=\"text-editor.default\">\n\t\t\t\t<div class=\"elementor-widget-container\">\n\t\t\t\t\t\t\t\t\t<h3><strong>\u00bfQu\u00e9 puede implicar para la Regi\u00f3n Mar de Cort\u00e9s?<\/strong><\/h3>\t\t\t\t\t\t\t\t<\/div>\n\t\t\t\t<\/div>\n\t\t\t\t\t<\/div>\n\t\t<\/div>\n\t\t\t\t\t<\/div>\n\t\t<\/section>\n\t\t\t\t<section class=\"elementor-section elementor-top-section elementor-element elementor-element-d5884bc elementor-section-boxed elementor-section-height-default elementor-section-height-default\" data-id=\"d5884bc\" data-element_type=\"section\" data-e-type=\"section\" data-settings=\"{&quot;jet_parallax_layout_list&quot;:[]}\">\n\t\t\t\t\t\t<div class=\"elementor-container elementor-column-gap-default\">\n\t\t\t\t\t<div class=\"elementor-column elementor-col-100 elementor-top-column elementor-element elementor-element-3d34e49\" data-id=\"3d34e49\" data-element_type=\"column\" data-e-type=\"column\">\n\t\t\t<div class=\"elementor-widget-wrap elementor-element-populated\">\n\t\t\t\t\t\t<div class=\"elementor-element elementor-element-cdd6480 elementor-widget elementor-widget-text-editor\" data-id=\"cdd6480\" data-element_type=\"widget\" data-e-type=\"widget\" data-widget_type=\"text-editor.default\">\n\t\t\t\t<div class=\"elementor-widget-container\">\n\t\t\t\t\t\t\t\t\t<p>Although <strong>Bloomberg<\/strong> no analiza espec\u00edficamente el <strong>northwestern Mexico<\/strong>, el escenario resulta relevante para una regi\u00f3n con fuerte actividad agr\u00edcola.<\/p><p>El comportamiento del <strong>wheat<\/strong> and the <strong>ma\u00edz<\/strong> puede incidir en las condiciones de comercializaci\u00f3n de cultivos importantes para <strong>Sonora<\/strong>, <strong>Baja California<\/strong> y <strong>Sinaloa<\/strong>. A la vez, mayores precios de fertilizantes, combustibles, energ\u00eda y transporte pueden elevar los costos de producci\u00f3n.<\/p><p>Un aumento de las cotizaciones internacionales tampoco implica autom\u00e1ticamente mayores ganancias para los productores: el resultado depende de rendimientos, costos, tipo de cambio y condiciones de comercializaci\u00f3n.<\/p><p>Para la <strong>Sea of Cort\u00e9s Region<\/strong>, las variables a seguir ser\u00e1n los precios internacionales de granos y fertilizantes, los costos energ\u00e9ticos y de transporte y la evoluci\u00f3n del clima. Las turbulencias del mercado mundial pueden terminar influyendo tanto en cu\u00e1nto cuesta producir como en cu\u00e1nto paga el consumidor.<\/p><p>Source: <a href=\"https:\/\/www.bloomberg.com\/news\/articles\/2026-08-31\/war-weather-push-crop-prices-to-biggest-monthly-gain-since-2012\">Bloomberg<\/a><\/p>\t\t\t\t\t\t\t\t<\/div>\n\t\t\t\t<\/div>\n\t\t\t\t\t<\/div>\n\t\t<\/div>\n\t\t\t\t\t<\/div>\n\t\t<\/section>\n\t\t\t\t<\/div>","protected":false},"excerpt":{"rendered":"<p>Los precios internacionales de productos agr\u00edcolas registraron en agosto su mayor incremento mensual en m\u00e1s de una d\u00e9cada, presionados por conflictos armados, clima extremo y mayores costos de energ\u00eda y transporte<\/p>","protected":false},"featured_media":13817,"template":"","categories":[41,15],"tags":[351,846,845],"class_list":["post-13815","empresa_economia","type-empresa_economia","status-publish","has-post-thumbnail","hentry","category-carrusel","category-portada","tag-agricultura","tag-bloomberg-agriculture-spot-index","tag-mercado-de-granos"],"acf":[],"yoast_head":"<!-- This site is optimized with the Yoast SEO plugin v28.4 - https:\/\/yoast.com\/product\/yoast-seo-wordpress\/ -->\n<title>Precios agr\u00edcolas bajo presi\u00f3n: guerra y clima agitan los mercados mundiales - Foro Mar de Cort\u00e9s<\/title>\n<meta name=\"description\" content=\"Los precios internacionales de productos agr\u00edcolas registraron en agosto su mayor incremento mensual en m\u00e1s de una d\u00e9cada, presionados por conflictos armados, clima extremo y mayores costos de energ\u00eda y transporte\" \/>\n<meta name=\"robots\" content=\"index, follow, max-snippet:-1, max-image-preview:large, max-video-preview:-1\" \/>\n<link rel=\"canonical\" href=\"https:\/\/foromdc.org\/en\/empresa_economia\/precios-agricolas-bajo-presion-guerra-y-clima-agitan-los-mercados-mundiales\/\" \/>\n<meta property=\"og:locale\" content=\"en_US\" \/>\n<meta property=\"og:type\" content=\"article\" \/>\n<meta property=\"og:title\" content=\"Precios agr\u00edcolas bajo presi\u00f3n: guerra y clima agitan los mercados mundiales - Foro Mar de Cort\u00e9s\" \/>\n<meta property=\"og:description\" content=\"Los precios internacionales de productos agr\u00edcolas registraron en agosto su mayor incremento mensual en m\u00e1s de una d\u00e9cada, presionados por conflictos armados, clima extremo y mayores costos de energ\u00eda y transporte\" \/>\n<meta property=\"og:url\" content=\"https:\/\/foromdc.org\/en\/empresa_economia\/precios-agricolas-bajo-presion-guerra-y-clima-agitan-los-mercados-mundiales\/\" \/>\n<meta property=\"og:site_name\" content=\"Foro Mar de Cort\u00e9s\" \/>\n<meta property=\"article:publisher\" content=\"https:\/\/www.facebook.com\/Foro-Mar-de-Corts-102782702603939\" \/>\n<meta property=\"article:modified_time\" content=\"2026-09-02T00:39:38+00:00\" \/>\n<meta property=\"og:image\" content=\"https:\/\/foromdc.org\/wp-content\/uploads\/2026\/09\/farm_20260831144238_Bloomberg.jpg\" \/>\n\t<meta property=\"og:image:width\" content=\"1200\" \/>\n\t<meta property=\"og:image:height\" content=\"800\" \/>\n\t<meta property=\"og:image:type\" content=\"image\/jpeg\" \/>\n<meta name=\"twitter:card\" content=\"summary_large_image\" \/>\n<meta name=\"twitter:label1\" content=\"Est. reading time\" \/>\n\t<meta name=\"twitter:data1\" content=\"3 minutes\" \/>\n<script type=\"application\/ld+json\" class=\"yoast-schema-graph\">{\"@context\":\"https:\\\/\\\/schema.org\",\"@graph\":[{\"@type\":\"WebPage\",\"@id\":\"https:\\\/\\\/foromdc.org\\\/empresa_economia\\\/precios-agricolas-bajo-presion-guerra-y-clima-agitan-los-mercados-mundiales\\\/\",\"url\":\"https:\\\/\\\/foromdc.org\\\/empresa_economia\\\/precios-agricolas-bajo-presion-guerra-y-clima-agitan-los-mercados-mundiales\\\/\",\"name\":\"Precios agr\u00edcolas bajo presi\u00f3n: guerra y clima agitan los mercados mundiales - Foro Mar de Cort\u00e9s\",\"isPartOf\":{\"@id\":\"https:\\\/\\\/foromdc.org\\\/#website\"},\"primaryImageOfPage\":{\"@id\":\"https:\\\/\\\/foromdc.org\\\/empresa_economia\\\/precios-agricolas-bajo-presion-guerra-y-clima-agitan-los-mercados-mundiales\\\/#primaryimage\"},\"image\":{\"@id\":\"https:\\\/\\\/foromdc.org\\\/empresa_economia\\\/precios-agricolas-bajo-presion-guerra-y-clima-agitan-los-mercados-mundiales\\\/#primaryimage\"},\"thumbnailUrl\":\"https:\\\/\\\/foromdc.org\\\/wp-content\\\/uploads\\\/2026\\\/09\\\/farm_20260831144238_Bloomberg.jpg\",\"datePublished\":\"2026-09-02T00:31:18+00:00\",\"dateModified\":\"2026-09-02T00:39:38+00:00\",\"description\":\"Los precios internacionales de productos agr\u00edcolas registraron en agosto su mayor incremento mensual en m\u00e1s de una d\u00e9cada, presionados por conflictos armados, clima extremo y mayores costos de energ\u00eda y transporte\",\"breadcrumb\":{\"@id\":\"https:\\\/\\\/foromdc.org\\\/empresa_economia\\\/precios-agricolas-bajo-presion-guerra-y-clima-agitan-los-mercados-mundiales\\\/#breadcrumb\"},\"inLanguage\":\"en-US\",\"potentialAction\":[{\"@type\":\"ReadAction\",\"target\":[\"https:\\\/\\\/foromdc.org\\\/empresa_economia\\\/precios-agricolas-bajo-presion-guerra-y-clima-agitan-los-mercados-mundiales\\\/\"]}]},{\"@type\":\"ImageObject\",\"inLanguage\":\"en-US\",\"@id\":\"https:\\\/\\\/foromdc.org\\\/empresa_economia\\\/precios-agricolas-bajo-presion-guerra-y-clima-agitan-los-mercados-mundiales\\\/#primaryimage\",\"url\":\"https:\\\/\\\/foromdc.org\\\/wp-content\\\/uploads\\\/2026\\\/09\\\/farm_20260831144238_Bloomberg.jpg\",\"contentUrl\":\"https:\\\/\\\/foromdc.org\\\/wp-content\\\/uploads\\\/2026\\\/09\\\/farm_20260831144238_Bloomberg.jpg\",\"width\":1200,\"height\":800,\"caption\":\"Precios agr\u00edcolas bajo presi\u00f3n: guerra y clima agitan los mercados mundiales.\"},{\"@type\":\"BreadcrumbList\",\"@id\":\"https:\\\/\\\/foromdc.org\\\/empresa_economia\\\/precios-agricolas-bajo-presion-guerra-y-clima-agitan-los-mercados-mundiales\\\/#breadcrumb\",\"itemListElement\":[{\"@type\":\"ListItem\",\"position\":1,\"name\":\"Home\",\"item\":\"https:\\\/\\\/foromdc.org\\\/\"},{\"@type\":\"ListItem\",\"position\":2,\"name\":\"Empresa, emprendimiento y econom\u00eda\",\"item\":\"https:\\\/\\\/foromdc.org\\\/empresa_economia\\\/\"},{\"@type\":\"ListItem\",\"position\":3,\"name\":\"Precios agr\u00edcolas bajo presi\u00f3n: guerra y clima agitan los mercados mundiales\"}]},{\"@type\":\"WebSite\",\"@id\":\"https:\\\/\\\/foromdc.org\\\/#website\",\"url\":\"https:\\\/\\\/foromdc.org\\\/\",\"name\":\"Foro Mar de Cort\u00e9s\",\"description\":\"\",\"publisher\":{\"@id\":\"https:\\\/\\\/foromdc.org\\\/#organization\"},\"potentialAction\":[{\"@type\":\"SearchAction\",\"target\":{\"@type\":\"EntryPoint\",\"urlTemplate\":\"https:\\\/\\\/foromdc.org\\\/?s={search_term_string}\"},\"query-input\":{\"@type\":\"PropertyValueSpecification\",\"valueRequired\":true,\"valueName\":\"search_term_string\"}}],\"inLanguage\":\"en-US\"},{\"@type\":\"Organization\",\"@id\":\"https:\\\/\\\/foromdc.org\\\/#organization\",\"name\":\"Foro Mar de Cort\u00e9s\",\"url\":\"https:\\\/\\\/foromdc.org\\\/\",\"logo\":{\"@type\":\"ImageObject\",\"inLanguage\":\"en-US\",\"@id\":\"https:\\\/\\\/foromdc.org\\\/#\\\/schema\\\/logo\\\/image\\\/\",\"url\":\"https:\\\/\\\/foromdc.org\\\/wp-content\\\/uploads\\\/2021\\\/06\\\/cropped-Logo.png\",\"contentUrl\":\"https:\\\/\\\/foromdc.org\\\/wp-content\\\/uploads\\\/2021\\\/06\\\/cropped-Logo.png\",\"width\":386,\"height\":72,\"caption\":\"Foro Mar de Cort\u00e9s\"},\"image\":{\"@id\":\"https:\\\/\\\/foromdc.org\\\/#\\\/schema\\\/logo\\\/image\\\/\"},\"sameAs\":[\"https:\\\/\\\/www.facebook.com\\\/Foro-Mar-de-Corts-102782702603939\"]}]}<\/script>\n<!-- \/ Yoast SEO plugin. -->","yoast_head_json":{"title":"Precios agr\u00edcolas bajo presi\u00f3n: guerra y clima agitan los mercados mundiales - Foro Mar de Cort\u00e9s","description":"Los precios internacionales de productos agr\u00edcolas registraron en agosto su mayor incremento mensual en m\u00e1s de una d\u00e9cada, presionados por conflictos armados, clima extremo y mayores costos de energ\u00eda y transporte","robots":{"index":"index","follow":"follow","max-snippet":"max-snippet:-1","max-image-preview":"max-image-preview:large","max-video-preview":"max-video-preview:-1"},"canonical":"https:\/\/foromdc.org\/en\/empresa_economia\/precios-agricolas-bajo-presion-guerra-y-clima-agitan-los-mercados-mundiales\/","og_locale":"en_US","og_type":"article","og_title":"Precios agr\u00edcolas bajo presi\u00f3n: guerra y clima agitan los mercados mundiales - Foro Mar de Cort\u00e9s","og_description":"Los precios internacionales de productos agr\u00edcolas registraron en agosto su mayor incremento mensual en m\u00e1s de una d\u00e9cada, presionados por conflictos armados, clima extremo y mayores costos de energ\u00eda y transporte","og_url":"https:\/\/foromdc.org\/en\/empresa_economia\/precios-agricolas-bajo-presion-guerra-y-clima-agitan-los-mercados-mundiales\/","og_site_name":"Foro Mar de Cort\u00e9s","article_publisher":"https:\/\/www.facebook.com\/Foro-Mar-de-Corts-102782702603939","article_modified_time":"2026-09-02T00:39:38+00:00","og_image":[{"width":1200,"height":800,"url":"https:\/\/foromdc.org\/wp-content\/uploads\/2026\/09\/farm_20260831144238_Bloomberg.jpg","type":"image\/jpeg"}],"twitter_card":"summary_large_image","twitter_misc":{"Est. reading time":"3 minutes"},"schema":{"@context":"https:\/\/schema.org","@graph":[{"@type":"WebPage","@id":"https:\/\/foromdc.org\/empresa_economia\/precios-agricolas-bajo-presion-guerra-y-clima-agitan-los-mercados-mundiales\/","url":"https:\/\/foromdc.org\/empresa_economia\/precios-agricolas-bajo-presion-guerra-y-clima-agitan-los-mercados-mundiales\/","name":"Precios agr\u00edcolas bajo presi\u00f3n: guerra y clima agitan los mercados mundiales - Foro Mar de Cort\u00e9s","isPartOf":{"@id":"https:\/\/foromdc.org\/#website"},"primaryImageOfPage":{"@id":"https:\/\/foromdc.org\/empresa_economia\/precios-agricolas-bajo-presion-guerra-y-clima-agitan-los-mercados-mundiales\/#primaryimage"},"image":{"@id":"https:\/\/foromdc.org\/empresa_economia\/precios-agricolas-bajo-presion-guerra-y-clima-agitan-los-mercados-mundiales\/#primaryimage"},"thumbnailUrl":"https:\/\/foromdc.org\/wp-content\/uploads\/2026\/09\/farm_20260831144238_Bloomberg.jpg","datePublished":"2026-09-02T00:31:18+00:00","dateModified":"2026-09-02T00:39:38+00:00","description":"Los precios internacionales de productos agr\u00edcolas registraron en agosto su mayor incremento mensual en m\u00e1s de una d\u00e9cada, presionados por conflictos armados, clima extremo y mayores costos de energ\u00eda y transporte","breadcrumb":{"@id":"https:\/\/foromdc.org\/empresa_economia\/precios-agricolas-bajo-presion-guerra-y-clima-agitan-los-mercados-mundiales\/#breadcrumb"},"inLanguage":"en-US","potentialAction":[{"@type":"ReadAction","target":["https:\/\/foromdc.org\/empresa_economia\/precios-agricolas-bajo-presion-guerra-y-clima-agitan-los-mercados-mundiales\/"]}]},{"@type":"ImageObject","inLanguage":"en-US","@id":"https:\/\/foromdc.org\/empresa_economia\/precios-agricolas-bajo-presion-guerra-y-clima-agitan-los-mercados-mundiales\/#primaryimage","url":"https:\/\/foromdc.org\/wp-content\/uploads\/2026\/09\/farm_20260831144238_Bloomberg.jpg","contentUrl":"https:\/\/foromdc.org\/wp-content\/uploads\/2026\/09\/farm_20260831144238_Bloomberg.jpg","width":1200,"height":800,"caption":"Precios agr\u00edcolas bajo presi\u00f3n: guerra y clima agitan los mercados mundiales."},{"@type":"BreadcrumbList","@id":"https:\/\/foromdc.org\/empresa_economia\/precios-agricolas-bajo-presion-guerra-y-clima-agitan-los-mercados-mundiales\/#breadcrumb","itemListElement":[{"@type":"ListItem","position":1,"name":"Home","item":"https:\/\/foromdc.org\/"},{"@type":"ListItem","position":2,"name":"Empresa, emprendimiento y econom\u00eda","item":"https:\/\/foromdc.org\/empresa_economia\/"},{"@type":"ListItem","position":3,"name":"Precios agr\u00edcolas bajo presi\u00f3n: guerra y clima agitan los mercados mundiales"}]},{"@type":"WebSite","@id":"https:\/\/foromdc.org\/#website","url":"https:\/\/foromdc.org\/","name":"Sea of Cortez Forum","description":"","publisher":{"@id":"https:\/\/foromdc.org\/#organization"},"potentialAction":[{"@type":"SearchAction","target":{"@type":"EntryPoint","urlTemplate":"https:\/\/foromdc.org\/?s={search_term_string}"},"query-input":{"@type":"PropertyValueSpecification","valueRequired":true,"valueName":"search_term_string"}}],"inLanguage":"en-US"},{"@type":"Organization","@id":"https:\/\/foromdc.org\/#organization","name":"Sea of Cortez Forum","url":"https:\/\/foromdc.org\/","logo":{"@type":"ImageObject","inLanguage":"en-US","@id":"https:\/\/foromdc.org\/#\/schema\/logo\/image\/","url":"https:\/\/foromdc.org\/wp-content\/uploads\/2021\/06\/cropped-Logo.png","contentUrl":"https:\/\/foromdc.org\/wp-content\/uploads\/2021\/06\/cropped-Logo.png","width":386,"height":72,"caption":"Foro Mar de Cort\u00e9s"},"image":{"@id":"https:\/\/foromdc.org\/#\/schema\/logo\/image\/"},"sameAs":["https:\/\/www.facebook.com\/Foro-Mar-de-Corts-102782702603939"]}]}},"_links":{"self":[{"href":"https:\/\/foromdc.org\/en\/wp-json\/wp\/v2\/empresa_economia\/13815","targetHints":{"allow":["GET"]}}],"collection":[{"href":"https:\/\/foromdc.org\/en\/wp-json\/wp\/v2\/empresa_economia"}],"about":[{"href":"https:\/\/foromdc.org\/en\/wp-json\/wp\/v2\/types\/empresa_economia"}],"version-history":[{"count":7,"href":"https:\/\/foromdc.org\/en\/wp-json\/wp\/v2\/empresa_economia\/13815\/revisions"}],"predecessor-version":[{"id":13824,"href":"https:\/\/foromdc.org\/en\/wp-json\/wp\/v2\/empresa_economia\/13815\/revisions\/13824"}],"wp:featuredmedia":[{"embeddable":true,"href":"https:\/\/foromdc.org\/en\/wp-json\/wp\/v2\/media\/13817"}],"wp:attachment":[{"href":"https:\/\/foromdc.org\/en\/wp-json\/wp\/v2\/media?parent=13815"}],"wp:term":[{"taxonomy":"category","embeddable":true,"href":"https:\/\/foromdc.org\/en\/wp-json\/wp\/v2\/categories?post=13815"},{"taxonomy":"post_tag","embeddable":true,"href":"https:\/\/foromdc.org\/en\/wp-json\/wp\/v2\/tags?post=13815"}],"curies":[{"name":"wp","href":"https:\/\/api.w.org\/{rel}","templated":true}]}}